{"id":408,"date":"2018-08-05T15:01:50","date_gmt":"2018-08-05T13:01:50","guid":{"rendered":"https:\/\/testumgebung.lindengruen.de\/?page_id=408"},"modified":"2022-03-22T21:11:36","modified_gmt":"2022-03-22T20:11:36","slug":"team","status":"publish","type":"page","link":"https:\/\/testumgebung.lindengruen.de\/en\/team\/","title":{"rendered":"Im Team"},"content":{"rendered":"<p>[et_pb_section fb_built=&#8220;1&#8243; fullwidth=&#8220;on&#8220; disabled_on=&#8220;on|on|off&#8220; _builder_version=&#8220;4.15.1&#8243; hover_enabled=&#8220;0&#8243; global_colors_info=&#8220;{}&#8220; bottom_divider_color=&#8220;#7AA02F&#8220; sticky_enabled=&#8220;0&#8243;][et_pb_fullwidth_image src=&#8220;https:\/\/testumgebung.lindengruen.de\/wp-content\/uploads\/2020\/06\/bilderwand_menschen.jpg&#8220; title_text=&#8220;bilderwand_menschen&#8220; disabled_on=&#8220;on|on|off&#8220; _builder_version=&#8220;4.15&#8243; custom_padding=&#8220;||0px|||&#8220; global_colors_info=&#8220;{}&#8220;][\/et_pb_fullwidth_image][\/et_pb_section][et_pb_section fb_built=&#8220;1&#8243; fullwidth=&#8220;on&#8220; disabled_on=&#8220;off|off|on&#8220; _builder_version=&#8220;4.15.1&#8243; hover_enabled=&#8220;0&#8243; global_colors_info=&#8220;{}&#8220; bottom_divider_color=&#8220;#7AA02F&#8220; sticky_enabled=&#8220;0&#8243;][et_pb_fullwidth_image src=&#8220;https:\/\/testumgebung.lindengruen.de\/wp-content\/uploads\/2020\/05\/Bilderwand_mobil.jpg&#8220; title_text=&#8220;bilderwand_menschen_mobil&#8220; src_tablet=&#8220;&#8220; src_phone=&#8220;https:\/\/testumgebung.lindengruen.de\/wp-content\/uploads\/2020\/06\/bilderwand_menschen_mobil.jpg&#8220; src_last_edited=&#8220;on|phone&#8220; disabled_on=&#8220;off|off|on&#8220; _builder_version=&#8220;4.15&#8243; min_height=&#8220;384px&#8220; custom_padding=&#8220;||0px|||&#8220; global_colors_info=&#8220;{}&#8220;][\/et_pb_fullwidth_image][\/et_pb_section][et_pb_section fb_built=&#8220;1&#8243; admin_label=&#8220;Seitentitel&#8220; _builder_version=&#8220;4.15&#8243; custom_margin=&#8220;-17px||20px||false|false&#8220; custom_padding=&#8220;0px||0px||false|false&#8220; global_colors_info=&#8220;{}&#8220;][et_pb_row admin_label=&#8220;Titel&#8220; _builder_version=&#8220;4.15&#8243; global_colors_info=&#8220;{}&#8220;][et_pb_column type=&#8220;4_4&#8243; _builder_version=&#8220;4.15&#8243; global_colors_info=&#8220;{}&#8220;][et_pb_text _builder_version=&#8220;4.15&#8243; custom_margin=&#8220;||1px|||&#8220; global_colors_info=&#8220;{}&#8220;]<\/p>\n<h1 style=\"text-align: center;\">Im Team<\/h1>\n<p>[\/et_pb_text][et_pb_text _builder_version=&#8220;4.15&#8243; global_colors_info=&#8220;{}&#8220;]<\/p>\n<p style=\"text-align: center;\">240 -300 Your content goes here. Edit or remove this text inline or in the module Content settings. You can also style every aspect of this content in the module Design settings and even apply custom CSS to this text in the module Advanced settings.<\/p>\n<p>[\/et_pb_text][\/et_pb_column][\/et_pb_row][\/et_pb_section][et_pb_section fb_built=&#8220;1&#8243; admin_label=&#8220;Institutionen&#8220; _builder_version=&#8220;4.15&#8243; min_height=&#8220;1119px&#8220; custom_margin=&#8220;-51px||-365px||false|false&#8220; custom_margin_tablet=&#8220;||-28px||false|false&#8220; custom_margin_phone=&#8220;&#8220; custom_margin_last_edited=&#8220;on|phone&#8220; custom_padding=&#8220;0px||0px||false|false&#8220; global_colors_info=&#8220;{}&#8220;][et_pb_row admin_label=&#8220;\u00dcberschrift&#8220; _builder_version=&#8220;4.15&#8243; min_height=&#8220;84px&#8220; global_colors_info=&#8220;{}&#8220;][et_pb_column type=&#8220;4_4&#8243; _builder_version=&#8220;4.15&#8243; global_colors_info=&#8220;{}&#8220;][et_pb_text admin_label=&#8220;Text&#8220; _builder_version=&#8220;4.15&#8243; global_colors_info=&#8220;{}&#8220;]<\/p>\n<h2 style=\"text-align: center;\">Institutionen<\/h2>\n<p>[\/et_pb_text][\/et_pb_column][\/et_pb_row][et_pb_row column_structure=&#8220;1_4,3_4&#8243; admin_label=&#8220;Pro Sciencia&#8220; _builder_version=&#8220;4.15&#8243; custom_padding=&#8220;0px|||||&#8220; global_colors_info=&#8220;{}&#8220;][et_pb_column type=&#8220;1_4&#8243; _builder_version=&#8220;4.15&#8243; global_colors_info=&#8220;{}&#8220;][et_pb_image src=&#8220;https:\/\/testumgebung.lindengruen.de\/wp-content\/uploads\/2018\/08\/ProSciencia.png&#8220; _builder_version=&#8220;4.15&#8243; global_colors_info=&#8220;{}&#8220;][\/et_pb_image][\/et_pb_column][et_pb_column type=&#8220;3_4&#8243; _builder_version=&#8220;4.15&#8243; global_colors_info=&#8220;{}&#8220;][et_pb_blurb title=&#8220;Ihr Titel&#8220; _builder_version=&#8220;4.15&#8243; global_colors_info=&#8220;{}&#8220;]<\/p>\n<p>ca. 240 content goes here. Edit or remove this text inline or in the module Content settings. You can also style every aspect of this content in the module Design settings and even apply custom CSS to this text in the module Advanced settings.<\/p>\n<p>[\/et_pb_blurb][\/et_pb_column][\/et_pb_row][et_pb_row admin_label=&#8220;Teiler&#8220; _builder_version=&#8220;4.15&#8243; custom_padding=&#8220;0px||0px|||&#8220; global_colors_info=&#8220;{}&#8220;][et_pb_column type=&#8220;4_4&#8243; _builder_version=&#8220;4.15&#8243; global_colors_info=&#8220;{}&#8220;][et_pb_divider color=&#8220;#7aa12f&#8220; _builder_version=&#8220;4.15&#8243; global_colors_info=&#8220;{}&#8220;][\/et_pb_divider][\/et_pb_column][\/et_pb_row][et_pb_row column_structure=&#8220;3_4,1_4&#8243; admin_label=&#8220;Projekt Interkulturelle \u00d6ffnung&#8220; _builder_version=&#8220;4.15&#8243; custom_padding=&#8220;0px|||||&#8220; global_colors_info=&#8220;{}&#8220;][et_pb_column type=&#8220;3_4&#8243; _builder_version=&#8220;4.15&#8243; global_colors_info=&#8220;{}&#8220;][et_pb_blurb title=&#8220;Projekt interkulturelle \u00d6ffnung&#8220; _builder_version=&#8220;4.15&#8243; custom_padding=&#8220;0px|||||&#8220; global_colors_info=&#8220;{}&#8220;]<\/p>\n<p>Your content goes here. Edit or remove this text inline or in the module Content settings. You can also style every aspect of this content in the module Design settings and even apply custom CSS to this text in the module Advanced settings.<\/p>\n<p>[\/et_pb_blurb][\/et_pb_column][et_pb_column type=&#8220;1_4&#8243; _builder_version=&#8220;4.15&#8243; global_colors_info=&#8220;{}&#8220;][et_pb_image src=&#8220;data:image\/svg+xml;base64,PHN2ZyB3aWR0aD0iMTA4MCIgaGVpZ2h0PSI1NDAiIHZpZXdCb3g9IjAgMCAxMDgwIDU0MCIgeG1sbnM9Imh0dHA6Ly93d3cudzMub3JnLzIwMDAvc3ZnIj4KICAgIDxnIGZpbGw9Im5vbmUiIGZpbGwtcnVsZT0iZXZlbm9kZCI+CiAgICAgICAgPHBhdGggZmlsbD0iI0VCRUJFQiIgZD0iTTAgMGgxMDgwdjU0MEgweiIvPgogICAgICAgIDxwYXRoIGQ9Ik00NDUuNjQ5IDU0MGgtOTguOTk1TDE0NC42NDkgMzM3Ljk5NSAwIDQ4Mi42NDR2LTk4Ljk5NWwxMTYuMzY1LTExNi4zNjVjMTUuNjItMTUuNjIgNDAuOTQ3LTE1LjYyIDU2LjU2OCAwTDQ0NS42NSA1NDB6IiBmaWxsLW9wYWNpdHk9Ii4xIiBmaWxsPSIjMDAwIiBmaWxsLXJ1bGU9Im5vbnplcm8iLz4KICAgICAgICA8Y2lyY2xlIGZpbGwtb3BhY2l0eT0iLjA1IiBmaWxsPSIjMDAwIiBjeD0iMzMxIiBjeT0iMTQ4IiByPSI3MCIvPgogICAgICAgIDxwYXRoIGQ9Ik0xMDgwIDM3OXYxMTMuMTM3TDcyOC4xNjIgMTQwLjMgMzI4LjQ2MiA1NDBIMjE1LjMyNEw2OTkuODc4IDU1LjQ0NmMxNS42Mi0xNS42MiA0MC45NDgtMTUuNjIgNTYuNTY4IDBMMTA4MCAzNzl6IiBmaWxsLW9wYWNpdHk9Ii4yIiBmaWxsPSIjMDAwIiBmaWxsLXJ1bGU9Im5vbnplcm8iLz4KICAgIDwvZz4KPC9zdmc+Cg==&#8220; _builder_version=&#8220;4.15&#8243; global_colors_info=&#8220;{}&#8220;][\/et_pb_image][\/et_pb_column][\/et_pb_row][et_pb_row admin_label=&#8220;Teiler&#8220; _builder_version=&#8220;4.15&#8243; custom_padding=&#8220;0px||0px|||&#8220; global_colors_info=&#8220;{}&#8220;][et_pb_column type=&#8220;4_4&#8243; _builder_version=&#8220;4.15&#8243; global_colors_info=&#8220;{}&#8220;][et_pb_divider color=&#8220;#7aa12f&#8220; _builder_version=&#8220;4.15&#8243; global_colors_info=&#8220;{}&#8220;][\/et_pb_divider][\/et_pb_column][\/et_pb_row][et_pb_row column_structure=&#8220;1_4,3_4&#8243; admin_label=&#8220;Mentor \/ Kids Care&#8220; _builder_version=&#8220;4.15&#8243; global_colors_info=&#8220;{}&#8220;][et_pb_column type=&#8220;1_4&#8243; _builder_version=&#8220;4.15&#8243; global_colors_info=&#8220;{}&#8220;][et_pb_image src=&#8220;https:\/\/testumgebung.lindengruen.de\/wp-content\/uploads\/2020\/04\/MentorKidzCare.png&#8220; _builder_version=&#8220;4.15&#8243; min_height=&#8220;152px&#8220; custom_margin=&#8220;-25px|||||&#8220; global_colors_info=&#8220;{}&#8220;][\/et_pb_image][\/et_pb_column][et_pb_column type=&#8220;3_4&#8243; _builder_version=&#8220;4.15&#8243; global_colors_info=&#8220;{}&#8220;][et_pb_blurb title=&#8220;Ihr Titel&#8220; _builder_version=&#8220;4.15&#8243; global_colors_info=&#8220;{}&#8220;]<\/p>\n<p>Your content goes here. Edit or remove this text inline or in the module Content settings. You can also style every aspect of this content in the module Design settings and even apply custom CSS to this text in the module Advanced settings.<\/p>\n<p>[\/et_pb_blurb][\/et_pb_column][\/et_pb_row][et_pb_row admin_label=&#8220;Teiler&#8220; _builder_version=&#8220;4.15&#8243; custom_padding=&#8220;0px||0px|||&#8220; global_colors_info=&#8220;{}&#8220;][et_pb_column type=&#8220;4_4&#8243; _builder_version=&#8220;4.15&#8243; global_colors_info=&#8220;{}&#8220;][et_pb_divider color=&#8220;#7aa12f&#8220; _builder_version=&#8220;4.15&#8243; global_colors_info=&#8220;{}&#8220;][\/et_pb_divider][\/et_pb_column][\/et_pb_row][et_pb_row column_structure=&#8220;3_4,1_4&#8243; admin_label=&#8220;engagiert SH&#8220; _builder_version=&#8220;4.15&#8243; custom_padding=&#8220;1px|||||&#8220; global_colors_info=&#8220;{}&#8220;][et_pb_column type=&#8220;3_4&#8243; _builder_version=&#8220;4.15&#8243; global_colors_info=&#8220;{}&#8220;][et_pb_blurb title=&#8220;Ihr Titel&#8220; _builder_version=&#8220;4.15&#8243; min_height=&#8220;49px&#8220; global_colors_info=&#8220;{}&#8220;]<\/p>\n<p>Your content goes here. Edit or remove this text inline or in the module Content settings. You can also style every aspect of this content in the module Design settings and even apply custom CSS to this text in the module Advanced settings.<\/p>\n<p>[\/et_pb_blurb][\/et_pb_column][et_pb_column type=&#8220;1_4&#8243; _builder_version=&#8220;4.15&#8243; global_colors_info=&#8220;{}&#8220;][et_pb_image src=&#8220;https:\/\/testumgebung.lindengruen.de\/wp-content\/uploads\/2018\/08\/engagiert-in-SH.png&#8220; _builder_version=&#8220;4.15&#8243; global_colors_info=&#8220;{}&#8220;][\/et_pb_image][\/et_pb_column][\/et_pb_row][\/et_pb_section][et_pb_section fb_built=&#8220;1&#8243; _builder_version=&#8220;4.15&#8243; custom_padding=&#8220;0px||0px|||&#8220; global_colors_info=&#8220;{}&#8220;][et_pb_row _builder_version=&#8220;4.15&#8243; global_colors_info=&#8220;{}&#8220;][et_pb_column type=&#8220;4_4&#8243; _builder_version=&#8220;4.15&#8243; global_colors_info=&#8220;{}&#8220;][et_pb_text admin_label=&#8220;Mein Team&#8220; _builder_version=&#8220;4.15&#8243; global_colors_info=&#8220;{}&#8220;]<\/p>\n<h2 style=\"text-align: center;\">Kolleg*innen<\/h2>\n<p>[\/et_pb_text][et_pb_text admin_label=&#8220;Mein Team&#8220; _builder_version=&#8220;4.15&#8243; global_colors_info=&#8220;{}&#8220;]<\/p>\n<p style=\"text-align: center;\">Kurzer Text dazu<\/p>\n<p>[\/et_pb_text][\/et_pb_column][\/et_pb_row][et_pb_row column_structure=&#8220;1_4,1_4,1_4,1_4&#8243; _builder_version=&#8220;4.15&#8243; custom_padding=&#8220;0px|||||&#8220; global_colors_info=&#8220;{}&#8220;][et_pb_column type=&#8220;1_4&#8243; _builder_version=&#8220;4.15&#8243; global_colors_info=&#8220;{}&#8220;][et_pb_team_member name=&#8220;Susanne Johannsen&#8220; position=&#8220;Beruf\/unternehmen&#8220; image_url=&#8220;data:image\/svg+xml;base64,PHN2ZyB3aWR0aD0iNTAwIiBoZWlnaHQ9IjUwMCIgdmlld0JveD0iMCAwIDUwMCA1MDAiIHhtbG5zPSJodHRwOi8vd3d3LnczLm9yZy8yMDAwL3N2ZyI+CiAgICA8ZyBmaWxsPSJub25lIiBmaWxsLXJ1bGU9ImV2ZW5vZGQiPgogICAgICAgIDxwYXRoIGZpbGw9IiNFQkVCRUIiIGQ9Ik0wIDBoNTAwdjUwMEgweiIvPgogICAgICAgIDxyZWN0IGZpbGwtb3BhY2l0eT0iLjEiIGZpbGw9IiMwMDAiIHg9IjY4IiB5PSIzMDUiIHdpZHRoPSIzNjQiIGhlaWdodD0iNTY4IiByeD0iMTgyIi8+CiAgICAgICAgPGNpcmNsZSBmaWxsLW9wYWNpdHk9Ii4xIiBmaWxsPSIjMDAwIiBjeD0iMjQ5IiBjeT0iMTcyIiByPSIxMDAiLz4KICAgIDwvZz4KPC9zdmc+Cg==&#8220; _builder_version=&#8220;4.15&#8243; global_colors_info=&#8220;{}&#8220;]<\/p>\n<p>Your content goes here. Edit or remove this text inline or in the module Content settings. You can also style every aspect of this content in the module Design settings and even apply custom CSS to this text in the module Advanced settings.<\/p>\n<p>[\/et_pb_team_member][\/et_pb_column][et_pb_column type=&#8220;1_4&#8243; _builder_version=&#8220;4.15&#8243; global_colors_info=&#8220;{}&#8220;][et_pb_team_member name=&#8220;Kristin Seebeck&#8220; position=&#8220;Beruf\/unternehmen&#8220; image_url=&#8220;https:\/\/testumgebung.lindengruen.de\/wp-content\/uploads\/2020\/04\/Kristin-Seebeck.png&#8220; _builder_version=&#8220;4.15&#8243; global_colors_info=&#8220;{}&#8220;]<\/p>\n<p style=\"text-align: justify;\">240 Your content goes here. Edit or remove this text inline or in the module Content settings. You can also style every aspect of this content in the module Design settings and even apply custom CSS to this text in the module Advanced settings.<\/p>\n<p>[\/et_pb_team_member][\/et_pb_column][et_pb_column type=&#8220;1_4&#8243; _builder_version=&#8220;4.15&#8243; global_colors_info=&#8220;{}&#8220;][et_pb_team_member name=&#8220;Nicola Findeis&#8220; position=&#8220;Beruf\/unternehmen&#8220; image_url=&#8220;data:image\/svg+xml;base64,PHN2ZyB3aWR0aD0iNTAwIiBoZWlnaHQ9IjUwMCIgdmlld0JveD0iMCAwIDUwMCA1MDAiIHhtbG5zPSJodHRwOi8vd3d3LnczLm9yZy8yMDAwL3N2ZyI+CiAgICA8ZyBmaWxsPSJub25lIiBmaWxsLXJ1bGU9ImV2ZW5vZGQiPgogICAgICAgIDxwYXRoIGZpbGw9IiNFQkVCRUIiIGQ9Ik0wIDBoNTAwdjUwMEgweiIvPgogICAgICAgIDxyZWN0IGZpbGwtb3BhY2l0eT0iLjEiIGZpbGw9IiMwMDAiIHg9IjY4IiB5PSIzMDUiIHdpZHRoPSIzNjQiIGhlaWdodD0iNTY4IiByeD0iMTgyIi8+CiAgICAgICAgPGNpcmNsZSBmaWxsLW9wYWNpdHk9Ii4xIiBmaWxsPSIjMDAwIiBjeD0iMjQ5IiBjeT0iMTcyIiByPSIxMDAiLz4KICAgIDwvZz4KPC9zdmc+Cg==&#8220; _builder_version=&#8220;4.15&#8243; global_colors_info=&#8220;{}&#8220;]<\/p>\n<p>Your content goes here. Edit or remove this text inline or in the module Content settings. You can also style every aspect of this content in the module Design settings and even apply custom CSS to this text in the module Advanced settings.<\/p>\n<p>[\/et_pb_team_member][\/et_pb_column][et_pb_column type=&#8220;1_4&#8243; _builder_version=&#8220;4.15&#8243; global_colors_info=&#8220;{}&#8220;][et_pb_team_member name=&#8220;Dr. Sabine Glaubitz&#8220; position=&#8220;Beruf\/unternehmen&#8220; image_url=&#8220;https:\/\/testumgebung.lindengruen.de\/wp-content\/uploads\/2020\/04\/Sabine-Glaubitz.png&#8220; _builder_version=&#8220;4.15&#8243; global_colors_info=&#8220;{}&#8220;]<\/p>\n<p>Your content goes here. Edit or remove this text inline or in the module Content settings. You can also style every aspect of this content in the module Design settings and even apply custom CSS to this text in the module Advanced settings.<\/p>\n<p>[\/et_pb_team_member][\/et_pb_column][\/et_pb_row][\/et_pb_section][et_pb_section fb_built=&#8220;1&#8243; admin_label=&#8220;Projekte&#8220; _builder_version=&#8220;4.15&#8243; custom_padding=&#8220;0px|||||&#8220; global_colors_info=&#8220;{}&#8220;][et_pb_row _builder_version=&#8220;4.15&#8243; global_colors_info=&#8220;{}&#8220;][et_pb_column type=&#8220;4_4&#8243; _builder_version=&#8220;4.15&#8243; global_colors_info=&#8220;{}&#8220;][et_pb_text admin_label=&#8220;Mein Team&#8220; _builder_version=&#8220;4.15&#8243; global_colors_info=&#8220;{}&#8220;]<\/p>\n<h2 style=\"text-align: center;\">Projekte<\/h2>\n<p>[\/et_pb_text][et_pb_text _builder_version=&#8220;4.15&#8243; global_colors_info=&#8220;{}&#8220;]<\/p>\n<p style=\"text-align: center;\">Kurzer Text dazu<\/p>\n<p>[\/et_pb_text][\/et_pb_column][\/et_pb_row][et_pb_row column_structure=&#8220;1_4,3_4&#8243; admin_label=&#8220;Mentor \/ Kids Care&#8220; _builder_version=&#8220;4.15&#8243; custom_padding=&#8220;0px|||||&#8220; global_colors_info=&#8220;{}&#8220;][et_pb_column type=&#8220;1_4&#8243; _builder_version=&#8220;4.15&#8243; global_colors_info=&#8220;{}&#8220;][et_pb_image src=&#8220;https:\/\/testumgebung.lindengruen.de\/wp-content\/uploads\/2018\/08\/Efrem-Tesfay.png&#8220; _builder_version=&#8220;4.15&#8243; global_colors_info=&#8220;{}&#8220;][\/et_pb_image][\/et_pb_column][et_pb_column type=&#8220;3_4&#8243; _builder_version=&#8220;4.15&#8243; global_colors_info=&#8220;{}&#8220;][et_pb_blurb title=&#8220;Filmprojekt mit Efrem Tesfay&#8220; _builder_version=&#8220;4.15&#8243; global_colors_info=&#8220;{}&#8220;]<\/p>\n<p>240 Your content goes here. Edit or remove this text inline or in the module Content settings. You can also style every aspect of this content in the module Design settings and even apply custom CSS to this text in the module Advanced settings.<\/p>\n<p>[\/et_pb_blurb][\/et_pb_column][\/et_pb_row][et_pb_row admin_label=&#8220;Teiler&#8220; _builder_version=&#8220;4.15&#8243; min_height=&#8220;37px&#8220; custom_padding=&#8220;0px||0px|||&#8220; global_colors_info=&#8220;{}&#8220;][et_pb_column type=&#8220;4_4&#8243; _builder_version=&#8220;4.15&#8243; global_colors_info=&#8220;{}&#8220;][et_pb_divider color=&#8220;#7aa12f&#8220; _builder_version=&#8220;4.15&#8243; global_colors_info=&#8220;{}&#8220;][\/et_pb_divider][\/et_pb_column][\/et_pb_row][et_pb_row column_structure=&#8220;3_4,1_4&#8243; admin_label=&#8220;engagiert SH&#8220; _builder_version=&#8220;4.15&#8243; custom_padding=&#8220;0px|||||&#8220; global_colors_info=&#8220;{}&#8220;][et_pb_column type=&#8220;3_4&#8243; _builder_version=&#8220;4.15&#8243; global_colors_info=&#8220;{}&#8220;][et_pb_blurb title=&#8220;Erstellung eines fach\u00fcbergreifenden Bachelormoduls&#8220; _builder_version=&#8220;4.15&#8243; global_colors_info=&#8220;{}&#8220;]<\/p>\n<p>Your content goes here. Edit or remove this text inline or in the module Content settings. You can also style every aspect of this content in the module Design settings and even apply custom CSS to this text in the module Advanced settings.<\/p>\n<p>[\/et_pb_blurb][\/et_pb_column][et_pb_column type=&#8220;1_4&#8243; _builder_version=&#8220;4.15&#8243; global_colors_info=&#8220;{}&#8220;][et_pb_image src=&#8220;https:\/\/testumgebung.lindengruen.de\/wp-content\/uploads\/2018\/08\/OskarLuebeck.png&#8220; _builder_version=&#8220;4.15&#8243; global_colors_info=&#8220;{}&#8220;][\/et_pb_image][\/et_pb_column][\/et_pb_row][\/et_pb_section]<\/p>","protected":false},"excerpt":{"rendered":"<p>Im Team240 -300 Your content goes here. Edit or remove this text inline or in the module Content settings. You can also style every aspect of this content in the module Design settings and even apply custom CSS to this text in the module Advanced settings.Institutionenca. 240 content goes here. Edit or remove this text [&hellip;]<\/p>","protected":false},"author":3,"featured_media":0,"parent":0,"menu_order":0,"comment_status":"closed","ping_status":"closed","template":"","meta":{"_et_pb_use_builder":"on","_et_pb_old_content":"<div id=\"pl-408\"  class=\"panel-layout\" ><div id=\"pg-408-0\"  class=\"panel-grid panel-no-style\"  data-style=\"{&quot;background_image_attachment&quot;:false,&quot;background_display&quot;:&quot;tile&quot;,&quot;cell_alignment&quot;:&quot;flex-start&quot;}\"  data-ratio=\"1\"  data-ratio-direction=\"right\" ><div id=\"pgc-408-0-0\"  class=\"panel-grid-cell\"  data-weight=\"1\" ><div id=\"panel-408-0-0-0\" class=\"so-panel widget widget_sow-editor panel-first-child panel-last-child\" data-index=\"0\" data-style=\"{&quot;background_image_attachment&quot;:false,&quot;background_display&quot;:&quot;tile&quot;}\" ><div class=\"so-widget-sow-editor so-widget-sow-editor-base\">\n<div class=\"siteorigin-widget-tinymce textwidget\">\n\t<p>Einige meiner Auftraggebenden sind zu inspirierenden Kooperationspartnerinnen und -partnern geworden, mit denen ich Angebote f\u00fcr ihre Kunden und Klienten gemeinsam erarbeite und realisiere.<\/p>\n<\/div>\n<\/div><\/div><\/div><\/div><div id=\"pg-408-1\"  class=\"panel-grid panel-no-style\"  data-style=\"{&quot;background_image_attachment&quot;:false,&quot;background_display&quot;:&quot;tile&quot;,&quot;cell_alignment&quot;:&quot;flex-start&quot;}\" ><div id=\"pgc-408-1-0\"  class=\"panel-grid-cell\"  data-weight=\"0.300438596491\" ><div id=\"panel-408-1-0-0\" class=\"so-panel widget widget_sow-image panel-first-child panel-last-child\" data-index=\"1\" data-style=\"{&quot;background_image_attachment&quot;:false,&quot;background_display&quot;:&quot;tile&quot;}\" >[siteorigin_widget class=\"SiteOrigin_Widget_Image_Widget\"]<input type=\"hidden\" value=\"{&quot;instance&quot;:{&quot;image&quot;:415,&quot;image_fallback&quot;:&quot;http:\/\/www.prosciencia.de\/index.html&quot;,&quot;size&quot;:&quot;full&quot;,&quot;align&quot;:&quot;default&quot;,&quot;title_align&quot;:&quot;default&quot;,&quot;title&quot;:&quot;ProSciencia&quot;,&quot;title_position&quot;:&quot;hidden&quot;,&quot;alt&quot;:&quot;Logo ProSciencia&quot;,&quot;url&quot;:&quot;http:\/\/www.prosciencia.de\/index.html&quot;,&quot;new_window&quot;:true,&quot;bound&quot;:true,&quot;_sow_form_id&quot;:&quot;8215233325b66fb4e00e0e329997977&quot;,&quot;_sow_form_timestamp&quot;:&quot;1534162781910&quot;,&quot;full_width&quot;:false},&quot;args&quot;:{&quot;before_widget&quot;:&quot;&lt;div id=&quot;panel-408-1-0-0&quot; class=&quot;so-panel widget widget_sow-image panel-first-child panel-last-child&quot; data-index=&quot;1&quot; data-style=&quot;{&amp;quot;background_image_attachment&amp;quot;:false,&amp;quot;background_display&amp;quot;:&amp;quot;tile&amp;quot;}&quot; &gt;&quot;,&quot;after_widget&quot;:&quot;&lt;\/div&gt;&quot;,&quot;before_title&quot;:&quot;&lt;h3 class=&quot;widget-title&quot;&gt;&quot;,&quot;after_title&quot;:&quot;&lt;\/h3&gt;&quot;,&quot;widget_id&quot;:&quot;widget-1-0-0&quot;}}\" \/>[\/siteorigin_widget]<\/div><\/div><div id=\"pgc-408-1-1\"  class=\"panel-grid-cell\"  data-weight=\"0.699561403509\" ><div id=\"panel-408-1-1-0\" class=\"so-panel widget widget_sow-editor panel-first-child panel-last-child\" data-index=\"2\" data-style=\"{&quot;background_image_attachment&quot;:false,&quot;background_display&quot;:&quot;tile&quot;}\" ><div class=\"so-widget-sow-editor so-widget-sow-editor-base\">\n<div class=\"siteorigin-widget-tinymce textwidget\">\n\t<p style=\"text-align: justify;\">Die <a href=\"http:\/\/www.prosciencia.de\/index.html\" target=\"_blank\" rel=\"noopener noreferrer\"><b>ProSciencia<\/b><\/a> GmbH ist auf Kommunikation, Projektmanagement, Karriereentwicklung und F\u00f6rderantragstellung in der Wissenschaft spezialisiert. Als Trainerin und Beraterin bin ich deutschland- und europaweit an Hochschulen und Wissenschaftseinrichtungen f\u00fcr sie im Einsatz und freue mich, mit ihnen innovative Angebote in Kommunikation, Pr\u00e4sentation und interkulturellen Kompetenzen f\u00fcr die Wissenschaft zu entwickeln.<\/p>\n<\/div>\n<\/div><\/div><\/div><\/div><div id=\"pg-408-2\"  class=\"panel-grid panel-no-style\"  data-style=\"{&quot;background_image_attachment&quot;:false,&quot;background_display&quot;:&quot;tile&quot;,&quot;cell_alignment&quot;:&quot;flex-start&quot;}\" ><div id=\"pgc-408-2-0\"  class=\"panel-grid-cell\"  data-weight=\"0.300438596491\" ><div id=\"panel-408-2-0-0\" class=\"so-panel widget widget_sow-image panel-first-child panel-last-child\" data-index=\"3\" data-style=\"{&quot;background_image_attachment&quot;:false,&quot;background_display&quot;:&quot;tile&quot;}\" >[siteorigin_widget class=\"SiteOrigin_Widget_Image_Widget\"]<input type=\"hidden\" value=\"{&quot;instance&quot;:{&quot;image&quot;:416,&quot;image_fallback&quot;:&quot;&quot;,&quot;size&quot;:&quot;full&quot;,&quot;align&quot;:&quot;default&quot;,&quot;title_align&quot;:&quot;default&quot;,&quot;title&quot;:&quot;Fortbildungszentrum&quot;,&quot;title_position&quot;:&quot;hidden&quot;,&quot;alt&quot;:&quot;Logo Fortbildungszentrum&quot;,&quot;url&quot;:&quot;https:\/\/www.hwk-luebeck.de\/ausbildung\/berufsbildungsstaetten\/fortbildungszentrum-luebeck.html&quot;,&quot;new_window&quot;:true,&quot;bound&quot;:true,&quot;_sow_form_id&quot;:&quot;9723344055b66fbc670a6b485824728&quot;,&quot;_sow_form_timestamp&quot;:&quot;1534163113173&quot;,&quot;full_width&quot;:false},&quot;args&quot;:{&quot;before_widget&quot;:&quot;&lt;div id=&quot;panel-408-2-0-0&quot; class=&quot;so-panel widget widget_sow-image panel-first-child panel-last-child&quot; data-index=&quot;3&quot; data-style=&quot;{&amp;quot;background_image_attachment&amp;quot;:false,&amp;quot;background_display&amp;quot;:&amp;quot;tile&amp;quot;}&quot; &gt;&quot;,&quot;after_widget&quot;:&quot;&lt;\/div&gt;&quot;,&quot;before_title&quot;:&quot;&lt;h3 class=&quot;widget-title&quot;&gt;&quot;,&quot;after_title&quot;:&quot;&lt;\/h3&gt;&quot;,&quot;widget_id&quot;:&quot;widget-2-0-0&quot;}}\" \/>[\/siteorigin_widget]<\/div><\/div><div id=\"pgc-408-2-1\"  class=\"panel-grid-cell\"  data-weight=\"0.699561403509\" ><div id=\"panel-408-2-1-0\" class=\"so-panel widget widget_sow-editor panel-first-child panel-last-child\" data-index=\"4\" data-style=\"{&quot;background_image_attachment&quot;:false,&quot;background_display&quot;:&quot;tile&quot;}\" ><div class=\"so-widget-sow-editor so-widget-sow-editor-base\">\n<div class=\"siteorigin-widget-tinymce textwidget\">\n\t<p style=\"text-align: justify;\">Das <a href=\"https:\/\/www.hwk-luebeck.de\/ausbildung\/berufsbildungsstaetten\/fortbildungszentrum-luebeck.html\" target=\"_blank\" rel=\"noopener noreferrer\"><b>Fortbildungszentrum (FBZ) der Handwerkskammer L\u00fcbeck<\/b><\/a> hat einen kammerweiten Bildungsauftrag und bietet Lehrg\u00e4nge, Fortbildungen und Bildungsma\u00dfnahmen im Auftrag der Agentur f\u00fcr Arbeit und dem Jobcenter L\u00fcbeck an. Seit Nov. 2015 bin ich dort als Dozentin t\u00e4tig, ich unterrichte u. a. die beiden Workshops \u201eZukunftswerkstatt\u201c und \u201einterkulturelle Kompetenzen\u201c im Ausbildungslehrgang zum Technischen Betriebswirt, im Rahmen der Akademie des Ehrenamtes den Workshop \u201einterkulturelle Kompetenzen f\u00fcr Pr\u00fcferinnen und Pr\u00fcfer im Handwerk\u201c und den Bereich Kommunikation, Lerntechniken und Bewerbungstraining in der Ma\u00dfnahme Eignungsfeststellung f\u00fcr Ihre beruflichen Zukunft.<\/p><\/div>\n<\/div><\/div><\/div><\/div><div id=\"pg-408-3\"  class=\"panel-grid panel-no-style\"  data-style=\"{&quot;background_image_attachment&quot;:false,&quot;background_display&quot;:&quot;tile&quot;,&quot;cell_alignment&quot;:&quot;flex-start&quot;}\"  data-ratio=\"1\"  data-ratio-direction=\"right\" ><div id=\"pgc-408-3-0\"  class=\"panel-grid-cell\"  data-weight=\"1\" ><div id=\"panel-408-3-0-0\" class=\"so-panel widget widget_sow-editor panel-first-child panel-last-child\" data-index=\"5\" data-style=\"{&quot;background_image_attachment&quot;:false,&quot;background_display&quot;:&quot;tile&quot;}\" ><div class=\"so-widget-sow-editor so-widget-sow-editor-base\">\n<div class=\"siteorigin-widget-tinymce textwidget\">\n\t<p style=\"text-align: justify;\">Das <b>Projekt Interkulturelle \u00d6ffnung<\/b> in Tr\u00e4gerschaft des Diakonischen Werks Hamburg- West\/S\u00fcdholstein ist ein Teilprojekt des Netzwerks \u201eMehr Land in Sicht \u2013 Arbeit f\u00fcr Fl\u00fcchtlinge in Schleswig-Holstein\u201c. Daf\u00fcr gebe ich i. A. des Projekts Seminare und Workshops f\u00fcr Mitarbeitende von \u00f6ffentlichen Institutionen und Unternehmen zu interkulturellen Handlungskompetenzen, zur interkulturellen \u00d6ffnung im Bildungsbereich und zum kultursensiblen Miteinander im Beh\u00f6rdenalltag. Weitere Informationen zum Projekt finden Sie unter <span style=\"color: #0000ff;\"><u><a href=\"http:\/\/www.mehrlandinsicht-sh.de\/\" target=\"_blank\" rel=\"noopener noreferrer\">www.mehrlandinsicht-sh.de<\/a><\/u><\/span><\/p>\n<\/div>\n<\/div><\/div><\/div><\/div><div id=\"pg-408-4\"  class=\"panel-grid panel-no-style\"  data-style=\"{&quot;background_image_attachment&quot;:false,&quot;background_display&quot;:&quot;tile&quot;,&quot;cell_alignment&quot;:&quot;flex-start&quot;}\" ><div id=\"pgc-408-4-0\"  class=\"panel-grid-cell\"  data-weight=\"0.300438596491\" ><div id=\"panel-408-4-0-0\" class=\"so-panel widget widget_sow-image panel-first-child\" data-index=\"6\" data-style=\"{&quot;background_image_attachment&quot;:false,&quot;background_display&quot;:&quot;tile&quot;}\" >[siteorigin_widget class=\"SiteOrigin_Widget_Image_Widget\"]<input type=\"hidden\" value=\"{&quot;instance&quot;:{&quot;image&quot;:459,&quot;image_fallback&quot;:&quot;&quot;,&quot;size&quot;:&quot;full&quot;,&quot;align&quot;:&quot;default&quot;,&quot;title_align&quot;:&quot;default&quot;,&quot;title&quot;:&quot;Oskar Lu00fcbeck e.V.&quot;,&quot;title_position&quot;:&quot;hidden&quot;,&quot;alt&quot;:&quot;Logo Oskar Lu00fcbeck e.V.&quot;,&quot;url&quot;:&quot;https:\/\/www.oskar-luebeck.de\/&quot;,&quot;new_window&quot;:true,&quot;bound&quot;:true,&quot;_sow_form_id&quot;:&quot;9213022895b66fc198212a456368641&quot;,&quot;_sow_form_timestamp&quot;:&quot;1534163620256&quot;,&quot;full_width&quot;:false},&quot;args&quot;:{&quot;before_widget&quot;:&quot;&lt;div id=&quot;panel-408-4-0-0&quot; class=&quot;so-panel widget widget_sow-image panel-first-child&quot; data-index=&quot;6&quot; data-style=&quot;{&amp;quot;background_image_attachment&amp;quot;:false,&amp;quot;background_display&amp;quot;:&amp;quot;tile&amp;quot;}&quot; &gt;&quot;,&quot;after_widget&quot;:&quot;&lt;\/div&gt;&quot;,&quot;before_title&quot;:&quot;&lt;h3 class=&quot;widget-title&quot;&gt;&quot;,&quot;after_title&quot;:&quot;&lt;\/h3&gt;&quot;,&quot;widget_id&quot;:&quot;widget-4-0-0&quot;}}\" \/>[\/siteorigin_widget]<\/div><div id=\"panel-408-4-0-1\" class=\"so-panel widget widget_sow-image panel-last-child\" data-index=\"7\" data-style=\"{&quot;background_image_attachment&quot;:false,&quot;background_display&quot;:&quot;tile&quot;}\" >[siteorigin_widget class=\"SiteOrigin_Widget_Image_Widget\"]<input type=\"hidden\" value=\"{&quot;instance&quot;:{&quot;image&quot;:460,&quot;image_fallback&quot;:&quot;&quot;,&quot;size&quot;:&quot;full&quot;,&quot;align&quot;:&quot;default&quot;,&quot;title_align&quot;:&quot;default&quot;,&quot;title&quot;:&quot;Uni Lu00fcbeck&quot;,&quot;title_position&quot;:&quot;hidden&quot;,&quot;alt&quot;:&quot;Uni Lu00fcbeck&quot;,&quot;url&quot;:&quot;https:\/\/www.uni-luebeck.de\/universitaet\/universitaet.html&quot;,&quot;new_window&quot;:true,&quot;bound&quot;:true,&quot;_sow_form_id&quot;:&quot;2019515755b670ef0df33d151567387&quot;,&quot;_sow_form_timestamp&quot;:&quot;1534163723698&quot;,&quot;full_width&quot;:false},&quot;args&quot;:{&quot;before_widget&quot;:&quot;&lt;div id=&quot;panel-408-4-0-1&quot; class=&quot;so-panel widget widget_sow-image panel-last-child&quot; data-index=&quot;7&quot; data-style=&quot;{&amp;quot;background_image_attachment&amp;quot;:false,&amp;quot;background_display&amp;quot;:&amp;quot;tile&amp;quot;}&quot; &gt;&quot;,&quot;after_widget&quot;:&quot;&lt;\/div&gt;&quot;,&quot;before_title&quot;:&quot;&lt;h3 class=&quot;widget-title&quot;&gt;&quot;,&quot;after_title&quot;:&quot;&lt;\/h3&gt;&quot;,&quot;widget_id&quot;:&quot;widget-4-0-1&quot;}}\" \/>[\/siteorigin_widget]<\/div><\/div><div id=\"pgc-408-4-1\"  class=\"panel-grid-cell\"  data-weight=\"0.699561403509\" ><div id=\"panel-408-4-1-0\" class=\"so-panel widget widget_sow-editor panel-first-child panel-last-child\" data-index=\"8\" data-style=\"{&quot;background_image_attachment&quot;:false,&quot;background_display&quot;:&quot;tile&quot;}\" ><div class=\"so-widget-sow-editor so-widget-sow-editor-base\">\n<div class=\"siteorigin-widget-tinymce textwidget\">\n\t<p style=\"text-align: justify;\"><a href=\"https:\/\/www.oskar-luebeck.de\/\" target=\"_blank\" rel=\"noopener noreferrer\"><strong>Oskar L\u00fcbeck e. V.<\/strong><\/a> ist eine Initiative von Studierenden der Universit\u00e4t zu L\u00fcbeck und bringt Altb\u00fcrgerinnen und -b\u00fcrger mit gefl\u00fcchteten Neub\u00fcrgerinnen und -b\u00fcrgern zusammen, unterst\u00fctzt vom Projekt FLOW (s.u.). Auf Initiative von Oskar wurde von uns gemeinsam mit dem Integrationsprojekt <u><a href=\"https:\/\/www.uni-luebeck.de\/aktuelles\/nachricht\/artikel\/propaedeutikum-erfolgreiche-integration-fuer-ein-studium.html\" target=\"_blank\" rel=\"noopener noreferrer\">Prop\u00e4deutikum<\/a><\/u> an der <a href=\"https:\/\/www.uni-luebeck.de\/universitaet\/universitaet.html\" target=\"_blank\" rel=\"noopener noreferrer\"><b>Universit\u00e4t zu L\u00fcbeck<\/b><\/a> ein fach\u00fcbergreifendes Bachelor-Modul \u201eInterkulturell kompetent in Studium, Beruf und Gesellschaft\u201c konzipiert. Es wird im Wintersemester 2018\/19 erstmalig von mir und weiteren Dozierenden durchgef\u00fchrt und zeichnet sich dadurch aus, dass Studierende gemeinsam mit gefl\u00fcchteten Teilnehmenden des Prop\u00e4deutikums interkulturelle Kompetenzen angewandt erwerben.<\/p><\/div>\n<\/div><\/div><\/div><\/div><div id=\"pg-408-5\"  class=\"panel-grid panel-no-style\"  data-style=\"{&quot;background_image_attachment&quot;:false,&quot;background_display&quot;:&quot;tile&quot;,&quot;cell_alignment&quot;:&quot;flex-start&quot;}\" ><div id=\"pgc-408-5-0\"  class=\"panel-grid-cell\"  data-weight=\"0.300438596491\" ><div id=\"panel-408-5-0-0\" class=\"so-panel widget widget_sow-image panel-first-child panel-last-child\" data-index=\"9\" data-style=\"{&quot;background_image_attachment&quot;:false,&quot;background_display&quot;:&quot;tile&quot;}\" >[siteorigin_widget class=\"SiteOrigin_Widget_Image_Widget\"]<input type=\"hidden\" value=\"{&quot;instance&quot;:{&quot;image&quot;:418,&quot;image_fallback&quot;:&quot;&quot;,&quot;size&quot;:&quot;full&quot;,&quot;align&quot;:&quot;default&quot;,&quot;title_align&quot;:&quot;default&quot;,&quot;title&quot;:&quot;Flow&quot;,&quot;title_position&quot;:&quot;hidden&quot;,&quot;alt&quot;:&quot;Logo Flow&quot;,&quot;url&quot;:&quot;http:\/\/www.projekt-flow.de\/start\/&quot;,&quot;new_window&quot;:true,&quot;bound&quot;:true,&quot;_sow_form_id&quot;:&quot;8217816215b66fc6bb6d22086086112&quot;,&quot;_sow_form_timestamp&quot;:&quot;1534163761831&quot;,&quot;full_width&quot;:false},&quot;args&quot;:{&quot;before_widget&quot;:&quot;&lt;div id=&quot;panel-408-5-0-0&quot; class=&quot;so-panel widget widget_sow-image panel-first-child panel-last-child&quot; data-index=&quot;9&quot; data-style=&quot;{&amp;quot;background_image_attachment&amp;quot;:false,&amp;quot;background_display&amp;quot;:&amp;quot;tile&amp;quot;}&quot; &gt;&quot;,&quot;after_widget&quot;:&quot;&lt;\/div&gt;&quot;,&quot;before_title&quot;:&quot;&lt;h3 class=&quot;widget-title&quot;&gt;&quot;,&quot;after_title&quot;:&quot;&lt;\/h3&gt;&quot;,&quot;widget_id&quot;:&quot;widget-5-0-0&quot;}}\" \/>[\/siteorigin_widget]<\/div><\/div><div id=\"pgc-408-5-1\"  class=\"panel-grid-cell\"  data-weight=\"0.699561403509\" ><div id=\"panel-408-5-1-0\" class=\"so-panel widget widget_sow-editor panel-first-child panel-last-child\" data-index=\"10\" data-style=\"{&quot;background_image_attachment&quot;:false,&quot;background_display&quot;:&quot;tile&quot;}\" ><div class=\"so-widget-sow-editor so-widget-sow-editor-base\">\n<div class=\"siteorigin-widget-tinymce textwidget\">\n\t<p style=\"text-align: justify;\">Das <a href=\"http:\/\/www.projekt-flow.de\/start\/\" target=\"_blank\" rel=\"noopener noreferrer\"><b>Projekt \u201eFLOW \u2013 f\u00fcr Fl\u00fcchtlinge! Orientierung und Willkommenskultur\u201c<\/b><\/a> der Gemeindediakonie L\u00fcbeck hat das Ziel, die Lebenssituation von Gefl\u00fcchteten im Altern von 16 - 25 Jahren zu verbessern und spricht daf\u00fcr verschiedene gesellschaftliche Gruppen u. a. mit Weiterbildungen an. F\u00fcr ihre ehrenamtlichen Mentorinnen und Mentoren sowie externe haupt- und nebenberufliche Fachkr\u00e4fte im Kontakt mit Gefl\u00fcchteten f\u00fchre ich interkulturelle Kompetenz-Workshops durch: z. B. f\u00fcr Richter und Richterinnen und Rechtspflegende, ehrenamtliche Jugendliche und Erwachsene in der Fl\u00fcchtlings- oder Integrationshilfe, z. B. im <a href=\"https:\/\/www.kidzcare-luebeck.de\/\" target=\"_blank\" rel=\"noopener noreferrer\">Projekt kidzcare<\/a>, oder Jugendliche in der Teamer-Ausbildung in Kirchengemeinden.<\/p>\n<\/div>\n<\/div><\/div><\/div><\/div><div id=\"pg-408-6\"  class=\"panel-grid panel-no-style\"  data-style=\"{&quot;background_image_attachment&quot;:false,&quot;background_display&quot;:&quot;tile&quot;,&quot;cell_alignment&quot;:&quot;flex-start&quot;}\" ><div id=\"pgc-408-6-0\"  class=\"panel-grid-cell\"  data-weight=\"0.300438596491\" ><div id=\"panel-408-6-0-0\" class=\"so-panel widget widget_sow-image panel-first-child panel-last-child\" data-index=\"11\" data-style=\"{&quot;background_image_attachment&quot;:false,&quot;background_display&quot;:&quot;tile&quot;}\" >[siteorigin_widget class=\"SiteOrigin_Widget_Image_Widget\"]<input type=\"hidden\" value=\"{&quot;instance&quot;:{&quot;image&quot;:820,&quot;image_fallback&quot;:&quot;&quot;,&quot;size&quot;:&quot;full&quot;,&quot;align&quot;:&quot;default&quot;,&quot;title_align&quot;:&quot;default&quot;,&quot;title&quot;:&quot;Lighthouse&quot;,&quot;title_position&quot;:&quot;hidden&quot;,&quot;alt&quot;:&quot;Logo Lighthouse&quot;,&quot;url&quot;:&quot;https:\/\/www.epunkt-luebeck.de\/projekte\/lighthouse&quot;,&quot;new_window&quot;:true,&quot;bound&quot;:true,&quot;_sow_form_id&quot;:&quot;2672399505b66fc995559e889704094&quot;,&quot;_sow_form_timestamp&quot;:&quot;1534163845937&quot;,&quot;full_width&quot;:false},&quot;args&quot;:{&quot;before_widget&quot;:&quot;&lt;div id=&quot;panel-408-6-0-0&quot; class=&quot;so-panel widget widget_sow-image panel-first-child panel-last-child&quot; data-index=&quot;11&quot; data-style=&quot;{&amp;quot;background_image_attachment&amp;quot;:false,&amp;quot;background_display&amp;quot;:&amp;quot;tile&amp;quot;}&quot; &gt;&quot;,&quot;after_widget&quot;:&quot;&lt;\/div&gt;&quot;,&quot;before_title&quot;:&quot;&lt;h3 class=&quot;widget-title&quot;&gt;&quot;,&quot;after_title&quot;:&quot;&lt;\/h3&gt;&quot;,&quot;widget_id&quot;:&quot;widget-6-0-0&quot;}}\" \/>[\/siteorigin_widget]<\/div><\/div><div id=\"pgc-408-6-1\"  class=\"panel-grid-cell\"  data-weight=\"0.699561403509\" ><div id=\"panel-408-6-1-0\" class=\"so-panel widget widget_sow-editor panel-first-child panel-last-child\" data-index=\"12\" data-style=\"{&quot;background_image_attachment&quot;:false,&quot;background_display&quot;:&quot;tile&quot;}\" ><div class=\"so-widget-sow-editor so-widget-sow-editor-base\">\n<div class=\"siteorigin-widget-tinymce textwidget\">\n\t<p style=\"text-align: justify;\">Das <a href=\"https:\/\/www.epunkt-luebeck.de\/projekte\/lighthouse\" target=\"_blank\" rel=\"noopener noreferrer\"><b>Projekt Lighthouse<\/b><\/a> beim <a href=\"https:\/\/www.epunkt-luebeck.de\/\" target=\"_blank\" rel=\"noopener noreferrer\">ePunkt \u2013 Die L\u00fcbecker Freiwilligenagentur e. V.<\/a> ist Service- und Beratungsstelle f\u00fcr Fl\u00fcchtlingsengagement in L\u00fcbeck. Ich entwickle mit ihnen Weiterbildungsangebote und biete Workshops zu den sich ver\u00e4ndernden Anforderungen in der ehrenamtlichen Fl\u00fcchtlingsarbeit an, wie zum Beispiel beim <u><a href=\"https:\/\/www.epunkt-luebeck.de\/ueber-epunkt\/fotogalerie\/category\/5-aermel-hoch-fachtag-fuer-ehrenamtliche\" target=\"_blank\" rel=\"noopener noreferrer\">ersten Fachtag f\u00fcr Haupt- und Ehrenamt in der Fl\u00fcchtlingshilfe<\/a><\/u>.<\/p><\/div>\n<\/div><\/div><\/div><\/div><div id=\"pg-408-7\"  class=\"panel-grid panel-no-style\"  data-style=\"{&quot;background_image_attachment&quot;:false,&quot;background_display&quot;:&quot;tile&quot;,&quot;cell_alignment&quot;:&quot;flex-start&quot;}\" ><div id=\"pgc-408-7-0\"  class=\"panel-grid-cell\"  data-weight=\"0.300438596491\" ><div id=\"panel-408-7-0-0\" class=\"so-panel widget widget_sow-image panel-first-child panel-last-child\" data-index=\"13\" data-style=\"{&quot;background_image_attachment&quot;:false,&quot;background_display&quot;:&quot;tile&quot;}\" >[siteorigin_widget class=\"SiteOrigin_Widget_Image_Widget\"]<input type=\"hidden\" value=\"{&quot;instance&quot;:{&quot;image&quot;:420,&quot;image_fallback&quot;:&quot;&quot;,&quot;size&quot;:&quot;full&quot;,&quot;align&quot;:&quot;default&quot;,&quot;title_align&quot;:&quot;default&quot;,&quot;title&quot;:&quot;Diakonie Schleswig Holstein&quot;,&quot;title_position&quot;:&quot;hidden&quot;,&quot;alt&quot;:&quot;Logo Diakonie Schleswig Holstein&quot;,&quot;url&quot;:&quot;https:\/\/www.diakonie-sh.de\/&quot;,&quot;new_window&quot;:true,&quot;bound&quot;:true,&quot;_sow_form_id&quot;:&quot;10247555995b66fcc78db67130521546&quot;,&quot;_sow_form_timestamp&quot;:&quot;1534163943706&quot;,&quot;full_width&quot;:false},&quot;args&quot;:{&quot;before_widget&quot;:&quot;&lt;div id=&quot;panel-408-7-0-0&quot; class=&quot;so-panel widget widget_sow-image panel-first-child panel-last-child&quot; data-index=&quot;13&quot; data-style=&quot;{&amp;quot;background_image_attachment&amp;quot;:false,&amp;quot;background_display&amp;quot;:&amp;quot;tile&amp;quot;}&quot; &gt;&quot;,&quot;after_widget&quot;:&quot;&lt;\/div&gt;&quot;,&quot;before_title&quot;:&quot;&lt;h3 class=&quot;widget-title&quot;&gt;&quot;,&quot;after_title&quot;:&quot;&lt;\/h3&gt;&quot;,&quot;widget_id&quot;:&quot;widget-7-0-0&quot;}}\" \/>[\/siteorigin_widget]<\/div><\/div><div id=\"pgc-408-7-1\"  class=\"panel-grid-cell\"  data-weight=\"0.699561403509\" ><div id=\"panel-408-7-1-0\" class=\"so-panel widget widget_sow-editor panel-first-child panel-last-child\" data-index=\"14\" data-style=\"{&quot;background_image_attachment&quot;:false,&quot;background_display&quot;:&quot;tile&quot;}\" ><div class=\"so-widget-sow-editor so-widget-sow-editor-base\">\n<div class=\"siteorigin-widget-tinymce textwidget\">\n\t<p style=\"text-align: justify;\">Das <a href=\"https:\/\/www.diakonie-sh.de\/\" target=\"_blank\" rel=\"noopener noreferrer\"><b>Diakonische Werk Schleswig-Holstein<\/b><\/a> ist Kooperationspartner bei der Durchf\u00fchrung von Qualifizierungs- und Unterst\u00fctzungsprojekten f\u00fcr die Fl\u00fcchtlingshilfe von Ehrenamtlichen mit und ohne Migrationshintergrund. Dabei kommen F\u00f6rdermittel der Bundesbeauftragten f\u00fcr Migration, Fl\u00fcchtlinge und Integration zum Tragen, wie auch bei den Fortbildungsreihen \u201eErste Heimat \u2013 Zweite Heimat\u201c f\u00fcr gefl\u00fcchtete oder \u201ezwischen fremd und vertraut\u201c f\u00fcr einheimische Ehrenamtliche bei der Gemeindediakonie L\u00fcbeck (s. u.). Aktuell erm\u00f6glicht das Diakonische Werk Schleswig-Holstein landesweit Ehrenamtlichen mit \/ ohne Migrationshintergrund von meinen Workshop \u201eVon der Willkommenskultur zur Integrationskultur \u2013 Neue Herausforderungen f\u00fcr Ehrenamtliche in der Fl\u00fcchtlingshilfe\u201c zu profitieren.<\/p><\/div>\n<\/div><\/div><\/div><\/div><div id=\"pg-408-8\"  class=\"panel-grid panel-no-style\"  data-style=\"{&quot;background_image_attachment&quot;:false,&quot;background_display&quot;:&quot;tile&quot;,&quot;cell_alignment&quot;:&quot;flex-start&quot;}\" ><div id=\"pgc-408-8-0\"  class=\"panel-grid-cell\"  data-weight=\"0.300438596491\" ><div id=\"panel-408-8-0-0\" class=\"so-panel widget widget_sow-image panel-first-child panel-last-child\" data-index=\"15\" data-style=\"{&quot;background_image_attachment&quot;:false,&quot;background_display&quot;:&quot;tile&quot;}\" >[siteorigin_widget class=\"SiteOrigin_Widget_Image_Widget\"]<input type=\"hidden\" value=\"{&quot;instance&quot;:{&quot;image&quot;:421,&quot;image_fallback&quot;:&quot;&quot;,&quot;size&quot;:&quot;full&quot;,&quot;align&quot;:&quot;default&quot;,&quot;title_align&quot;:&quot;default&quot;,&quot;title&quot;:&quot;Kreis Ostholstein&quot;,&quot;title_position&quot;:&quot;hidden&quot;,&quot;alt&quot;:&quot;Logo Kreis Ostholstein&quot;,&quot;url&quot;:&quot;https:\/\/www.kreis-oh.de\/ehrenamt&quot;,&quot;new_window&quot;:true,&quot;bound&quot;:true,&quot;_sow_form_id&quot;:&quot;8520892775b66fd0d2856f222653124&quot;,&quot;_sow_form_timestamp&quot;:&quot;1534163981506&quot;,&quot;full_width&quot;:false},&quot;args&quot;:{&quot;before_widget&quot;:&quot;&lt;div id=&quot;panel-408-8-0-0&quot; class=&quot;so-panel widget widget_sow-image panel-first-child panel-last-child&quot; data-index=&quot;15&quot; data-style=&quot;{&amp;quot;background_image_attachment&amp;quot;:false,&amp;quot;background_display&amp;quot;:&amp;quot;tile&amp;quot;}&quot; &gt;&quot;,&quot;after_widget&quot;:&quot;&lt;\/div&gt;&quot;,&quot;before_title&quot;:&quot;&lt;h3 class=&quot;widget-title&quot;&gt;&quot;,&quot;after_title&quot;:&quot;&lt;\/h3&gt;&quot;,&quot;widget_id&quot;:&quot;widget-8-0-0&quot;}}\" \/>[\/siteorigin_widget]<\/div><\/div><div id=\"pgc-408-8-1\"  class=\"panel-grid-cell\"  data-weight=\"0.699561403509\" ><div id=\"panel-408-8-1-0\" class=\"so-panel widget widget_sow-editor panel-first-child panel-last-child\" data-index=\"16\" data-style=\"{&quot;background_image_attachment&quot;:false,&quot;background_display&quot;:&quot;tile&quot;}\" ><div class=\"so-widget-sow-editor so-widget-sow-editor-base\">\n<div class=\"siteorigin-widget-tinymce textwidget\">\n\t<p style=\"text-align: justify;\">Die <a href=\"https:\/\/www.kreis-oh.de\/ehrenamt\" target=\"_blank\" rel=\"noopener noreferrer\"><b>Beratungsstelle f\u00fcr Ehrenamtliche Fl\u00fcchtlingshilfe<\/b><\/a> des Fachdienstes Soziale Hilfen im Kreis Ostholstein bietet Unterst\u00fctzungs- und Weiterbildungsangebote f\u00fcr Ehrenamtliche an. Mit meiner Workshop-\/Vortragsreihe \u201eVon der Willkommens- zur Integrations-\/Inklusionskultur\u201c an verschiedenen Standorten des Kreises erhalten die Engagierten Impulse zu den Anforderungen einer Fl\u00fcchtlingshilfe auf Augenh\u00f6he.<\/p><\/div>\n<\/div><\/div><\/div><\/div><div id=\"pg-408-9\"  class=\"panel-grid panel-no-style\"  data-style=\"{&quot;background_image_attachment&quot;:false,&quot;background_display&quot;:&quot;tile&quot;,&quot;cell_alignment&quot;:&quot;flex-start&quot;}\" ><div id=\"pgc-408-9-0\"  class=\"panel-grid-cell\"  data-weight=\"0.300438596491\" ><div id=\"panel-408-9-0-0\" class=\"so-panel widget widget_sow-image panel-first-child panel-last-child\" data-index=\"17\" data-style=\"{&quot;background_image_attachment&quot;:false,&quot;background_display&quot;:&quot;tile&quot;}\" >[siteorigin_widget class=\"SiteOrigin_Widget_Image_Widget\"]<input type=\"hidden\" value=\"{&quot;instance&quot;:{&quot;image&quot;:422,&quot;image_fallback&quot;:&quot;&quot;,&quot;size&quot;:&quot;full&quot;,&quot;align&quot;:&quot;default&quot;,&quot;title_align&quot;:&quot;default&quot;,&quot;title&quot;:&quot;Gemeindediakonie&quot;,&quot;title_position&quot;:&quot;hidden&quot;,&quot;alt&quot;:&quot;Logo Gemeindediakonie&quot;,&quot;url&quot;:&quot;&quot;,&quot;bound&quot;:true,&quot;_sow_form_id&quot;:&quot;11671764825b66fd4767f1c748595606&quot;,&quot;_sow_form_timestamp&quot;:&quot;1533476194398&quot;,&quot;new_window&quot;:false,&quot;full_width&quot;:false},&quot;args&quot;:{&quot;before_widget&quot;:&quot;&lt;div id=&quot;panel-408-9-0-0&quot; class=&quot;so-panel widget widget_sow-image panel-first-child panel-last-child&quot; data-index=&quot;17&quot; data-style=&quot;{&amp;quot;background_image_attachment&amp;quot;:false,&amp;quot;background_display&amp;quot;:&amp;quot;tile&amp;quot;}&quot; &gt;&quot;,&quot;after_widget&quot;:&quot;&lt;\/div&gt;&quot;,&quot;before_title&quot;:&quot;&lt;h3 class=&quot;widget-title&quot;&gt;&quot;,&quot;after_title&quot;:&quot;&lt;\/h3&gt;&quot;,&quot;widget_id&quot;:&quot;widget-9-0-0&quot;}}\" \/>[\/siteorigin_widget]<\/div><\/div><div id=\"pgc-408-9-1\"  class=\"panel-grid-cell\"  data-weight=\"0.699561403509\" ><div id=\"panel-408-9-1-0\" class=\"so-panel widget widget_sow-editor panel-first-child panel-last-child\" data-index=\"18\" data-style=\"{&quot;background_image_attachment&quot;:false,&quot;background_display&quot;:&quot;tile&quot;}\" ><div class=\"so-widget-sow-editor so-widget-sow-editor-base\">\n<div class=\"siteorigin-widget-tinymce textwidget\">\n\t<p style=\"text-align: justify;\">Die <a href=\"https:\/\/www.gemeindediakonie-luebeck.de\/\" target=\"_blank\" rel=\"noopener noreferrer\"><b>Gemeindediakonie L\u00fcbeck<\/b><\/a> begleitet und unterst\u00fctzt Menschen in Not bzw. mit Beratungsbedarf in den Bereichen Obdach und Asyl, Migration und Integration, Kinder und Familie sowie Gesundheit und Soziales. Verschiedene interkulturelle Projekte der Gemeindediakonie f\u00f6rdern die Integration von Zuwanderern.<\/p>\n<p style=\"text-align: justify;\">Von Juli 2016 \u2013 Dez. 2017 habe ich das <u><a href=\"https:\/\/www.gemeindediakonie-luebeck.de\/migration-integration\/projekt-sprachpartnerschaften.html\" target=\"_blank\" rel=\"noopener noreferrer\">Projekt Sprachpartnerschaften<\/a><\/u> mit einer Kollegin koordiniert und u. a. die Bereiche Finanzen, Strategie und Schnittstellenarbeit innerhalb der Gemeindediakonie verantwortet. Zudem habe ich das Fortbildungsangebot <u><a href=\"https:\/\/www.gemeindediakonie-luebeck.de\/aktuelles-termine\/news\/article\/erste-heimat-zweite-heimat-fluchterfahrungen-und-integration-in-luebeck.html\" target=\"_blank\" rel=\"noopener noreferrer\">\u201eErste Heimat \u2013 Zweite Heimat\u201c<\/a><\/u> f\u00fcr gefl\u00fcchtete Ehrenamtliche und Gefl\u00fcchtete initiiert, daf\u00fcr Drittmittel eingeworben und mit einer Traum-spezialisierten Therapeutin konzipiert und\u00a0 durchgef\u00fchrt. Diese nach Sprache und Geschlecht getrennt angebotene Fortbildungsreihe wurde in \u00e4hnlicher Form auch im Bereich Obdach &amp; Asyl durchgef\u00fchrt. \u2013 Bei Bedarf gebe ich weiterhin Workshops und Trainings zu interkulturellen Themen f\u00fcr Ehrenamtliche und andere im Auftrag der Gemeindediakonie.<\/p><\/div>\n<\/div><\/div><\/div><\/div><div id=\"pg-408-10\"  class=\"panel-grid panel-no-style\"  data-style=\"{&quot;background_image_attachment&quot;:false,&quot;background_display&quot;:&quot;tile&quot;,&quot;cell_alignment&quot;:&quot;flex-start&quot;}\" ><div id=\"pgc-408-10-0\"  class=\"panel-grid-cell panel-grid-cell-empty panel-grid-cell-mobile-last\"  data-weight=\"0.300438596491\" ><\/div><div id=\"pgc-408-10-1\"  class=\"panel-grid-cell panel-grid-cell-empty\"  data-weight=\"0.699561403509\" ><\/div><\/div><div id=\"pg-408-11\"  class=\"panel-grid panel-no-style\"  data-style=\"{&quot;background_image_attachment&quot;:false,&quot;background_display&quot;:&quot;tile&quot;,&quot;cell_alignment&quot;:&quot;flex-start&quot;}\" ><div id=\"pgc-408-11-0\"  class=\"panel-grid-cell\"  data-weight=\"0.300438596491\" ><div id=\"panel-408-11-0-0\" class=\"so-panel widget widget_sow-image panel-first-child\" data-index=\"19\" data-style=\"{&quot;background_image_attachment&quot;:false,&quot;background_display&quot;:&quot;tile&quot;}\" >[siteorigin_widget class=\"SiteOrigin_Widget_Image_Widget\"]<input type=\"hidden\" value=\"{&quot;instance&quot;:{&quot;image&quot;:423,&quot;image_fallback&quot;:&quot;&quot;,&quot;size&quot;:&quot;full&quot;,&quot;align&quot;:&quot;default&quot;,&quot;title_align&quot;:&quot;default&quot;,&quot;title&quot;:&quot;MENTOR - Leselernhelfer&quot;,&quot;title_position&quot;:&quot;hidden&quot;,&quot;alt&quot;:&quot;MENTOR - Leselernhelfer&quot;,&quot;url&quot;:&quot;https:\/\/www.mentor-luebeck.de\/&quot;,&quot;new_window&quot;:true,&quot;bound&quot;:true,&quot;_sow_form_id&quot;:&quot;18043806895b66fd82725c6242495865&quot;,&quot;_sow_form_timestamp&quot;:&quot;1534496883559&quot;,&quot;full_width&quot;:false},&quot;args&quot;:{&quot;before_widget&quot;:&quot;&lt;div id=&quot;panel-408-11-0-0&quot; class=&quot;so-panel widget widget_sow-image panel-first-child&quot; data-index=&quot;19&quot; data-style=&quot;{&amp;quot;background_image_attachment&amp;quot;:false,&amp;quot;background_display&amp;quot;:&amp;quot;tile&amp;quot;}&quot; &gt;&quot;,&quot;after_widget&quot;:&quot;&lt;\/div&gt;&quot;,&quot;before_title&quot;:&quot;&lt;h3 class=&quot;widget-title&quot;&gt;&quot;,&quot;after_title&quot;:&quot;&lt;\/h3&gt;&quot;,&quot;widget_id&quot;:&quot;widget-11-0-0&quot;}}\" \/>[\/siteorigin_widget]<\/div><div id=\"panel-408-11-0-1\" class=\"so-panel widget widget_sow-image panel-last-child\" data-index=\"20\" data-style=\"{&quot;background_image_attachment&quot;:false,&quot;background_display&quot;:&quot;tile&quot;}\" >[siteorigin_widget class=\"SiteOrigin_Widget_Image_Widget\"]<input type=\"hidden\" value=\"{&quot;instance&quot;:{&quot;image&quot;:870,&quot;image_fallback&quot;:&quot;&quot;,&quot;size&quot;:&quot;full&quot;,&quot;align&quot;:&quot;default&quot;,&quot;title_align&quot;:&quot;default&quot;,&quot;title&quot;:&quot;kidzcare&quot;,&quot;title_position&quot;:&quot;hidden&quot;,&quot;alt&quot;:&quot;kidzcare&quot;,&quot;url&quot;:&quot;https:\/\/www.kidzcare-luebeck.de\/&quot;,&quot;new_window&quot;:true,&quot;bound&quot;:true,&quot;_sow_form_id&quot;:&quot;4820092715b76907bc4fb9496370314&quot;,&quot;_sow_form_timestamp&quot;:&quot;1534497126418&quot;,&quot;full_width&quot;:false},&quot;args&quot;:{&quot;before_widget&quot;:&quot;&lt;div id=&quot;panel-408-11-0-1&quot; class=&quot;so-panel widget widget_sow-image panel-last-child&quot; data-index=&quot;20&quot; data-style=&quot;{&amp;quot;background_image_attachment&amp;quot;:false,&amp;quot;background_display&amp;quot;:&amp;quot;tile&amp;quot;}&quot; &gt;&quot;,&quot;after_widget&quot;:&quot;&lt;\/div&gt;&quot;,&quot;before_title&quot;:&quot;&lt;h3 class=&quot;widget-title&quot;&gt;&quot;,&quot;after_title&quot;:&quot;&lt;\/h3&gt;&quot;,&quot;widget_id&quot;:&quot;widget-11-0-1&quot;}}\" \/>[\/siteorigin_widget]<\/div><\/div><div id=\"pgc-408-11-1\"  class=\"panel-grid-cell\"  data-weight=\"0.699561403509\" ><div id=\"panel-408-11-1-0\" class=\"so-panel widget widget_sow-editor panel-first-child panel-last-child\" data-index=\"21\" data-style=\"{&quot;background_image_attachment&quot;:false,&quot;background_display&quot;:&quot;tile&quot;}\" ><div class=\"so-widget-sow-editor so-widget-sow-editor-base\">\n<div class=\"siteorigin-widget-tinymce textwidget\">\n\t<u><a href=\"https:\/\/www.mentor-luebeck.de\/\" target=\"_blank\" rel=\"noopener noreferrer\"><b>MENTOR \u2013 die Leselernhelfer L\u00fcbeck e. V.<\/b><\/a><\/u><b> <\/b>ist eine Initiative von Ehrenamtlichen zur F\u00f6rderung der Lese- und Sprachkompetenz von Schulkindern durch gezielte 1:1 Begleitung. \u2013 Das <a href=\"https:\/\/www.kidzcare-luebeck.de\/\" target=\"_blank\" rel=\"noopener noreferrer\"><u>Projekt <\/u><u><b>Kidzcare<\/b><\/u><\/a><b> <\/b>ist\u00a0dem <u><a href=\"http:\/\/www.f-luebecker-kinder.de\/index.php?id=51\" target=\"_blank\" rel=\"noopener noreferrer\">F\u00f6rderverein f\u00fcr L\u00fcbecker Kinder e. V.<\/a><\/u> angegliedert und der Integration von gefl\u00fcchteten Kindern und Jugendlichen durch die F\u00f6rderung von Kontakten mit ehrenamtlichen Gleichaltrigen und Erwachsenen und die Erleichterung des Schulalltags verpflichtet. \u2013 F\u00fcr <b>unser Kooperationsprojekt<\/b> \u201e<u><a href=\"http:\/\/archiv.oksh.de\/hl\/hoeren\/programm\/2016\/28kw_11_07-17_07.php.html\" target=\"_blank\" rel=\"noopener noreferrer\">Radiosendung mit jugendlichen Gefl\u00fcchteten \u2018Mein sch\u00f6nstes Erlebnis, seit ich in L\u00fcbeck bin\u2018\u201c<\/a><\/u>, produziert am 09.07.2016 im Offenen Kanal L\u00fcbeck und gesendet 16.07. \/ 21.08.2016, haben wir einen <u><a href=\"http:\/\/www.luebeck.de\/aktuelles\/presse\/pressedienstarchiv\/view\/2016\/11\/160857L\/\" target=\"_blank\" rel=\"noopener noreferrer\">Sonderpreis der B\u00fcrgerakademie, du. ich. l\u00fcbeck. INTERKULTURELLER SOMMER 2016<\/a><\/u> erhalten.<\/div>\n<\/div><\/div><\/div><\/div><div id=\"pg-408-12\"  class=\"panel-grid panel-no-style\"  data-style=\"{&quot;background_image_attachment&quot;:false,&quot;background_display&quot;:&quot;tile&quot;,&quot;cell_alignment&quot;:&quot;flex-start&quot;}\" ><div id=\"pgc-408-12-0\"  class=\"panel-grid-cell\"  data-weight=\"0.300438596491\" ><div id=\"panel-408-12-0-0\" class=\"so-panel widget widget_sow-image panel-first-child panel-last-child\" data-index=\"22\" data-style=\"{&quot;background_image_attachment&quot;:false,&quot;background_display&quot;:&quot;tile&quot;}\" >[siteorigin_widget class=\"SiteOrigin_Widget_Image_Widget\"]<input type=\"hidden\" value=\"{&quot;instance&quot;:{&quot;image&quot;:424,&quot;image_fallback&quot;:&quot;&quot;,&quot;size&quot;:&quot;full&quot;,&quot;align&quot;:&quot;default&quot;,&quot;title_align&quot;:&quot;default&quot;,&quot;title&quot;:&quot;Engagiert in Schleswig-Holstein&quot;,&quot;title_position&quot;:&quot;hidden&quot;,&quot;alt&quot;:&quot;Logo engagiert-in-SH&quot;,&quot;url&quot;:&quot;https:\/\/www.engagiert-in-sh.de\/index.php?id=302&amp;L=cceuiv%20class%3D&quot;,&quot;new_window&quot;:true,&quot;bound&quot;:true,&quot;full_width&quot;:false},&quot;args&quot;:{&quot;before_widget&quot;:&quot;&lt;div id=&quot;panel-408-12-0-0&quot; class=&quot;so-panel widget widget_sow-image panel-first-child panel-last-child&quot; data-index=&quot;22&quot; data-style=&quot;{&amp;quot;background_image_attachment&amp;quot;:false,&amp;quot;background_display&amp;quot;:&amp;quot;tile&amp;quot;}&quot; &gt;&quot;,&quot;after_widget&quot;:&quot;&lt;\/div&gt;&quot;,&quot;before_title&quot;:&quot;&lt;h3 class=&quot;widget-title&quot;&gt;&quot;,&quot;after_title&quot;:&quot;&lt;\/h3&gt;&quot;,&quot;widget_id&quot;:&quot;widget-12-0-0&quot;}}\" \/>[\/siteorigin_widget]<\/div><\/div><div id=\"pgc-408-12-1\"  class=\"panel-grid-cell\"  data-weight=\"0.699561403509\" ><div id=\"panel-408-12-1-0\" class=\"so-panel widget widget_sow-editor panel-first-child panel-last-child\" data-index=\"23\" data-style=\"{&quot;background_image_attachment&quot;:false,&quot;background_display&quot;:&quot;tile&quot;}\" ><div class=\"so-widget-sow-editor so-widget-sow-editor-base\">\n<div class=\"siteorigin-widget-tinymce textwidget\">\n\t<p style=\"text-align: justify;\"><a href=\"https:\/\/www.engagiert-in-sh.de\/index.php?id=302&amp;L=cceuiv%20class%3D\" target=\"_blank\" rel=\"noopener noreferrer\"><b>engagiert-in-sh.de<\/b><\/a><b> <\/b>ist die Online-Plattform der B\u00fcrgerakademie, die Fort- und Weiterbildungen sowie Qualifizierungen f\u00fcr Engagierte im Land Schleswig-Holstein b\u00fcndelt. Im Bereich \u201eEhrenamt &amp; Gefl\u00fcchtete\u201c bin ich Teil ihres Referent*innen-Pools. Im Auftrag lokaler, regionaler oder kirchlicher Tr\u00e4ger der ehrenamtlichen Fl\u00fcchtlingshilfe f\u00fchre ich Workshops und Vortr\u00e4ge zu interkulturellen Themen und Teambildung f\u00fcr Ehrenamtliche und Gefl\u00fcchtete landesweit durch.<\/p><\/div>\n<\/div><\/div><\/div><\/div><\/div>","_et_gb_content_width":""},"yoast_head":"<!-- This site is optimized with the Yoast SEO plugin v18.4.1 - https:\/\/yoast.com\/wordpress\/plugins\/seo\/ -->\n<title>Im Team - Arbeitsseite f\u00fcr lindengruen<\/title>\n<meta name=\"robots\" content=\"noindex, follow, max-snippet:-1, max-image-preview:large, max-video-preview:-1\" \/>\n<meta property=\"og:locale\" content=\"en_US\" \/>\n<meta property=\"og:type\" content=\"article\" \/>\n<meta property=\"og:title\" content=\"Im Team - Arbeitsseite f\u00fcr lindengruen\" \/>\n<meta property=\"og:description\" content=\"Im Team240 -300 Your content goes here. Edit or remove this text inline or in the module Content settings. You can also style every aspect of this content in the module Design settings and even apply custom CSS to this text in the module Advanced settings.Institutionenca. 240 content goes here. Edit or remove this text [&hellip;]\" \/>\n<meta property=\"og:url\" content=\"https:\/\/testumgebung.lindengruen.de\/en\/team\/\" \/>\n<meta property=\"og:site_name\" content=\"Arbeitsseite f\u00fcr lindengruen\" \/>\n<meta property=\"article:modified_time\" content=\"2022-03-22T20:11:36+00:00\" \/>\n<meta name=\"twitter:card\" content=\"summary_large_image\" \/>\n<meta name=\"twitter:label1\" content=\"Est. reading time\" \/>\n\t<meta name=\"twitter:data1\" content=\"10 minutes\" \/>\n<script type=\"application\/ld+json\" class=\"yoast-schema-graph\">{\"@context\":\"https:\/\/schema.org\",\"@graph\":[{\"@type\":\"WebSite\",\"@id\":\"https:\/\/testumgebung.lindengruen.de\/#website\",\"url\":\"https:\/\/testumgebung.lindengruen.de\/\",\"name\":\"Arbeitsseite f\u00fcr lindengruen\",\"description\":\"Hier testen wir alles\",\"potentialAction\":[{\"@type\":\"SearchAction\",\"target\":{\"@type\":\"EntryPoint\",\"urlTemplate\":\"https:\/\/testumgebung.lindengruen.de\/?s={search_term_string}\"},\"query-input\":\"required name=search_term_string\"}],\"inLanguage\":\"en-US\"},{\"@type\":\"WebPage\",\"@id\":\"https:\/\/testumgebung.lindengruen.de\/team\/#webpage\",\"url\":\"https:\/\/testumgebung.lindengruen.de\/team\/\",\"name\":\"Im Team - Arbeitsseite f\u00fcr lindengruen\",\"isPartOf\":{\"@id\":\"https:\/\/testumgebung.lindengruen.de\/#website\"},\"datePublished\":\"2018-08-05T13:01:50+00:00\",\"dateModified\":\"2022-03-22T20:11:36+00:00\",\"breadcrumb\":{\"@id\":\"https:\/\/testumgebung.lindengruen.de\/team\/#breadcrumb\"},\"inLanguage\":\"en-US\",\"potentialAction\":[{\"@type\":\"ReadAction\",\"target\":[\"https:\/\/testumgebung.lindengruen.de\/team\/\"]}]},{\"@type\":\"BreadcrumbList\",\"@id\":\"https:\/\/testumgebung.lindengruen.de\/team\/#breadcrumb\",\"itemListElement\":[{\"@type\":\"ListItem\",\"position\":1,\"name\":\"Startseite\",\"item\":\"https:\/\/testumgebung.lindengruen.de\/\"},{\"@type\":\"ListItem\",\"position\":2,\"name\":\"Im Team\"}]}]}<\/script>\n<!-- \/ Yoast SEO plugin. -->","yoast_head_json":{"title":"Im Team - Arbeitsseite f\u00fcr lindengruen","robots":{"index":"noindex","follow":"follow","max-snippet":"max-snippet:-1","max-image-preview":"max-image-preview:large","max-video-preview":"max-video-preview:-1"},"og_locale":"en_US","og_type":"article","og_title":"Im Team - Arbeitsseite f\u00fcr lindengruen","og_description":"Im Team240 -300 Your content goes here. Edit or remove this text inline or in the module Content settings. You can also style every aspect of this content in the module Design settings and even apply custom CSS to this text in the module Advanced settings.Institutionenca. 240 content goes here. Edit or remove this text [&hellip;]","og_url":"https:\/\/testumgebung.lindengruen.de\/en\/team\/","og_site_name":"Arbeitsseite f\u00fcr lindengruen","article_modified_time":"2022-03-22T20:11:36+00:00","twitter_card":"summary_large_image","twitter_misc":{"Est. reading time":"10 minutes"},"schema":{"@context":"https:\/\/schema.org","@graph":[{"@type":"WebSite","@id":"https:\/\/testumgebung.lindengruen.de\/#website","url":"https:\/\/testumgebung.lindengruen.de\/","name":"Arbeitsseite f\u00fcr lindengruen","description":"Hier testen wir alles","potentialAction":[{"@type":"SearchAction","target":{"@type":"EntryPoint","urlTemplate":"https:\/\/testumgebung.lindengruen.de\/?s={search_term_string}"},"query-input":"required name=search_term_string"}],"inLanguage":"en-US"},{"@type":"WebPage","@id":"https:\/\/testumgebung.lindengruen.de\/team\/#webpage","url":"https:\/\/testumgebung.lindengruen.de\/team\/","name":"Im Team - Arbeitsseite f\u00fcr lindengruen","isPartOf":{"@id":"https:\/\/testumgebung.lindengruen.de\/#website"},"datePublished":"2018-08-05T13:01:50+00:00","dateModified":"2022-03-22T20:11:36+00:00","breadcrumb":{"@id":"https:\/\/testumgebung.lindengruen.de\/team\/#breadcrumb"},"inLanguage":"en-US","potentialAction":[{"@type":"ReadAction","target":["https:\/\/testumgebung.lindengruen.de\/team\/"]}]},{"@type":"BreadcrumbList","@id":"https:\/\/testumgebung.lindengruen.de\/team\/#breadcrumb","itemListElement":[{"@type":"ListItem","position":1,"name":"Startseite","item":"https:\/\/testumgebung.lindengruen.de\/"},{"@type":"ListItem","position":2,"name":"Im Team"}]}]}},"_links":{"self":[{"href":"https:\/\/testumgebung.lindengruen.de\/en\/wp-json\/wp\/v2\/pages\/408"}],"collection":[{"href":"https:\/\/testumgebung.lindengruen.de\/en\/wp-json\/wp\/v2\/pages"}],"about":[{"href":"https:\/\/testumgebung.lindengruen.de\/en\/wp-json\/wp\/v2\/types\/page"}],"author":[{"embeddable":true,"href":"https:\/\/testumgebung.lindengruen.de\/en\/wp-json\/wp\/v2\/users\/3"}],"replies":[{"embeddable":true,"href":"https:\/\/testumgebung.lindengruen.de\/en\/wp-json\/wp\/v2\/comments?post=408"}],"version-history":[{"count":11,"href":"https:\/\/testumgebung.lindengruen.de\/en\/wp-json\/wp\/v2\/pages\/408\/revisions"}],"predecessor-version":[{"id":2007,"href":"https:\/\/testumgebung.lindengruen.de\/en\/wp-json\/wp\/v2\/pages\/408\/revisions\/2007"}],"wp:attachment":[{"href":"https:\/\/testumgebung.lindengruen.de\/en\/wp-json\/wp\/v2\/media?parent=408"}],"curies":[{"name":"wp","href":"https:\/\/api.w.org\/{rel}","templated":true}]}}